{"id":11866,"date":"2025-03-12T17:02:11","date_gmt":"2025-03-12T17:02:11","guid":{"rendered":"https:\/\/mdisitges.com\/producto\/kora\/"},"modified":"2025-03-12T17:02:11","modified_gmt":"2025-03-12T17:02:11","slug":"kora","status":"publish","type":"product","link":"https:\/\/mdisitges.com\/en\/producto\/kora\/","title":{"rendered":"Kora"},"content":{"rendered":"<p>A\u00f1ade un toque de elegancia contempor\u00e1nea a tu estancia con la silla KORA. Su respaldo curvado, adornado con costuras verticales, le proporciona un aspecto sofisticado.<br \/>\nEl dise\u00f1o chic se destaca con un elegante agujero en la parte trasera, aportando personalidad y mejorando su est\u00e9tica general.<br \/>\nEl tejido en color gris claro ofrece un tono neutro que se integra f\u00e1cilmente en cualquier decoraci\u00f3n interior.<\/p>\n","protected":false},"excerpt":{"rendered":"<p>A\u00f1ade un toque de elegancia contempor\u00e1nea a tu estancia con la silla KORA. Su respaldo curvado, adornado con costuras verticales, le proporciona un aspecto sofisticado. El dise\u00f1o chic se destaca con un elegante agujero en la parte trasera, aportando personalidad y mejorando su est\u00e9tica general. El tejido en color gris claro ofrece un tono neutro [&hellip;]<\/p>\n","protected":false},"featured_media":10634,"template":"","meta":{"inline_featured_image":false},"product_brand":[146],"product_cat":[199,184],"product_tag":[],"class_list":["post-11866","product","type-product","status-publish","has-post-thumbnail","product_brand-somcasa","product_cat-chairs-and-stools-en","product_cat-indoor-furniture","first","instock","taxable","shipping-taxable","purchasable","product-type-simple"],"aioseo_notices":[],"aioseo_head":"\n\t\t<!-- All in One SEO 5.0.1 - aioseo.com -->\n\t<meta name=\"description\" content=\"A\u00f1ade un toque de elegancia contempor\u00e1nea a tu estancia con la silla KORA. Su respaldo curvado, adornado con costuras verticales, le proporciona un aspecto sofisticado. El dise\u00f1o chic se destaca con un elegante agujero en la parte trasera, aportando personalidad y mejorando su est\u00e9tica general. El tejido en color gris claro ofrece un tono neutro\" \/>\n\t<meta name=\"robots\" content=\"max-image-preview:large\" \/>\n\t<meta name=\"google-site-verification\" content=\"ccvuosfnjTkur0bAfEQ5Qobjnu6858yP55DLYdmINNc\" \/>\n\t<link rel=\"canonical\" href=\"https:\/\/mdisitges.com\/en\/producto\/kora\/\" \/>\n\t<meta name=\"generator\" content=\"All in One SEO (AIOSEO) 5.0.1\" \/>\n\t\t<meta property=\"og:locale\" content=\"en_US\" \/>\n\t\t<meta property=\"og:site_name\" content=\"MDI Muebles | Decoraci\u00f3n | Interiorismo - Tienda de muebles en Sitges\" \/>\n\t\t<meta property=\"og:type\" content=\"article\" \/>\n\t\t<meta property=\"og:title\" content=\"Kora - MDI Muebles | Decoraci\u00f3n | Interiorismo\" \/>\n\t\t<meta property=\"og:description\" content=\"A\u00f1ade un toque de elegancia contempor\u00e1nea a tu estancia con la silla KORA. Su respaldo curvado, adornado con costuras verticales, le proporciona un aspecto sofisticado. El dise\u00f1o chic se destaca con un elegante agujero en la parte trasera, aportando personalidad y mejorando su est\u00e9tica general. El tejido en color gris claro ofrece un tono neutro\" \/>\n\t\t<meta property=\"og:url\" content=\"https:\/\/mdisitges.com\/en\/producto\/kora\/\" \/>\n\t\t<meta property=\"og:image\" content=\"https:\/\/mdisitges.com\/wp-content\/uploads\/2024\/08\/logo-mdi.jpg\" \/>\n\t\t<meta property=\"og:image:secure_url\" content=\"https:\/\/mdisitges.com\/wp-content\/uploads\/2024\/08\/logo-mdi.jpg\" \/>\n\t\t<meta property=\"og:image:width\" content=\"946\" \/>\n\t\t<meta property=\"og:image:height\" content=\"946\" \/>\n\t\t<meta property=\"article:published_time\" content=\"2025-03-12T17:02:11+00:00\" \/>\n\t\t<meta property=\"article:modified_time\" content=\"2025-03-12T17:02:11+00:00\" \/>\n\t\t<meta property=\"article:publisher\" content=\"https:\/\/www.facebook.com\/profile.php?id=61556938515818\" \/>\n\t\t<meta name=\"twitter:card\" content=\"summary_large_image\" \/>\n\t\t<meta name=\"twitter:title\" content=\"Kora - MDI Muebles | Decoraci\u00f3n | Interiorismo\" \/>\n\t\t<meta name=\"twitter:description\" content=\"A\u00f1ade un toque de elegancia contempor\u00e1nea a tu estancia con la silla KORA. Su respaldo curvado, adornado con costuras verticales, le proporciona un aspecto sofisticado. El dise\u00f1o chic se destaca con un elegante agujero en la parte trasera, aportando personalidad y mejorando su est\u00e9tica general. El tejido en color gris claro ofrece un tono neutro\" \/>\n\t\t<meta name=\"twitter:image\" content=\"https:\/\/mdisitges.com\/wp-content\/uploads\/2024\/08\/logo-mdi.jpg\" \/>\n\t\t<script type=\"application\/ld+json\" class=\"aioseo-schema\">\n\t\t\t{\"@context\":\"https:\\\/\\\/schema.org\",\"@graph\":[{\"@type\":\"BreadcrumbList\",\"@id\":\"https:\\\/\\\/mdisitges.com\\\/en\\\/producto\\\/kora\\\/#breadcrumblist\",\"itemListElement\":[{\"@type\":\"ListItem\",\"@id\":\"https:\\\/\\\/mdisitges.com\\\/en\\\/#listItem\",\"position\":1,\"name\":\"Hogar\",\"item\":\"https:\\\/\\\/mdisitges.com\\\/en\\\/\",\"nextItem\":{\"@type\":\"ListItem\",\"@id\":\"https:\\\/\\\/mdisitges.com\\\/?page_id=8545#listItem\",\"name\":\"Tienda\"}},{\"@type\":\"ListItem\",\"@id\":\"https:\\\/\\\/mdisitges.com\\\/?page_id=8545#listItem\",\"position\":2,\"name\":\"Tienda\",\"item\":\"https:\\\/\\\/mdisitges.com\\\/?page_id=8545\",\"nextItem\":{\"@type\":\"ListItem\",\"@id\":\"https:\\\/\\\/mdisitges.com\\\/en\\\/brand\\\/somcasa\\\/#listItem\",\"name\":\"Somcasa\"},\"previousItem\":{\"@type\":\"ListItem\",\"@id\":\"https:\\\/\\\/mdisitges.com\\\/en\\\/#listItem\",\"name\":\"Hogar\"}},{\"@type\":\"ListItem\",\"@id\":\"https:\\\/\\\/mdisitges.com\\\/en\\\/brand\\\/somcasa\\\/#listItem\",\"position\":3,\"name\":\"Somcasa\",\"item\":\"https:\\\/\\\/mdisitges.com\\\/en\\\/brand\\\/somcasa\\\/\",\"nextItem\":{\"@type\":\"ListItem\",\"@id\":\"https:\\\/\\\/mdisitges.com\\\/en\\\/producto\\\/kora\\\/#listItem\",\"name\":\"Kora\"},\"previousItem\":{\"@type\":\"ListItem\",\"@id\":\"https:\\\/\\\/mdisitges.com\\\/?page_id=8545#listItem\",\"name\":\"Tienda\"}},{\"@type\":\"ListItem\",\"@id\":\"https:\\\/\\\/mdisitges.com\\\/en\\\/producto\\\/kora\\\/#listItem\",\"position\":4,\"name\":\"Kora\",\"previousItem\":{\"@type\":\"ListItem\",\"@id\":\"https:\\\/\\\/mdisitges.com\\\/en\\\/brand\\\/somcasa\\\/#listItem\",\"name\":\"Somcasa\"}}]},{\"@type\":\"ItemPage\",\"@id\":\"https:\\\/\\\/mdisitges.com\\\/en\\\/producto\\\/kora\\\/#itempage\",\"url\":\"https:\\\/\\\/mdisitges.com\\\/en\\\/producto\\\/kora\\\/\",\"name\":\"Kora - MDI Muebles | Decoraci\\u00f3n | Interiorismo\",\"description\":\"A\\u00f1ade un toque de elegancia contempor\\u00e1nea a tu estancia con la silla KORA. Su respaldo curvado, adornado con costuras verticales, le proporciona un aspecto sofisticado. El dise\\u00f1o chic se destaca con un elegante agujero en la parte trasera, aportando personalidad y mejorando su est\\u00e9tica general. El tejido en color gris claro ofrece un tono neutro\",\"inLanguage\":\"en-US\",\"isPartOf\":{\"@id\":\"https:\\\/\\\/mdisitges.com\\\/en\\\/#website\"},\"breadcrumb\":{\"@id\":\"https:\\\/\\\/mdisitges.com\\\/en\\\/producto\\\/kora\\\/#breadcrumblist\"},\"image\":{\"@type\":\"ImageObject\",\"url\":\"https:\\\/\\\/mdisitges.com\\\/wp-content\\\/uploads\\\/2025\\\/03\\\/silla-kora-oosl112421-1.webp\",\"@id\":\"https:\\\/\\\/mdisitges.com\\\/en\\\/producto\\\/kora\\\/#mainImage\",\"width\":1484,\"height\":1482},\"primaryImageOfPage\":{\"@id\":\"https:\\\/\\\/mdisitges.com\\\/en\\\/producto\\\/kora\\\/#mainImage\"},\"datePublished\":\"2025-03-12T17:02:11+00:00\",\"dateModified\":\"2025-03-12T17:02:11+00:00\"},{\"@type\":\"Organization\",\"@id\":\"https:\\\/\\\/mdisitges.com\\\/en\\\/#organization\",\"name\":\"MDI Muebles | Decoraci\\u00f3n | Interiorismo Roomswear\",\"description\":\"Tienda de muebles en Sitges Tienda de muebles en Sitges\",\"url\":\"https:\\\/\\\/mdisitges.com\\\/en\\\/\",\"telephone\":\"+34672224227\",\"logo\":{\"@type\":\"ImageObject\",\"url\":\"https:\\\/\\\/mdisitges.com\\\/wp-content\\\/uploads\\\/2024\\\/08\\\/logo-mdi.jpg\",\"@id\":\"https:\\\/\\\/mdisitges.com\\\/en\\\/producto\\\/kora\\\/#organizationLogo\",\"width\":946,\"height\":946},\"image\":{\"@id\":\"https:\\\/\\\/mdisitges.com\\\/en\\\/producto\\\/kora\\\/#organizationLogo\"},\"sameAs\":[\"https:\\\/\\\/www.facebook.com\\\/profile.php?id=61556938515818\",\"https:\\\/\\\/www.instagram.com\\\/mdibyalejandrosanchez?igsh=Y2pxYzJiajR0bGlh&utm_source=qr\",\"https:\\\/\\\/www.tiktok.com\\\/@mdi.sitges?_t=8orwi4TjSuv&_r=1\"]},{\"@type\":\"WebSite\",\"@id\":\"https:\\\/\\\/mdisitges.com\\\/en\\\/#website\",\"url\":\"https:\\\/\\\/mdisitges.com\\\/en\\\/\",\"name\":\"Roomswear\",\"description\":\"Tienda de muebles en Sitges\",\"inLanguage\":\"en-US\",\"publisher\":{\"@id\":\"https:\\\/\\\/mdisitges.com\\\/en\\\/#organization\"}}]}\n\t\t<\/script>\n\t\t<!-- All in One SEO -->\n\n","aioseo_head_json":{"title":"Kora - MDI Muebles | Decoraci\u00f3n | Interiorismo","description":"A\u00f1ade un toque de elegancia contempor\u00e1nea a tu estancia con la silla KORA. Su respaldo curvado, adornado con costuras verticales, le proporciona un aspecto sofisticado. El dise\u00f1o chic se destaca con un elegante agujero en la parte trasera, aportando personalidad y mejorando su est\u00e9tica general. El tejido en color gris claro ofrece un tono neutro","canonical_url":"https:\/\/mdisitges.com\/en\/producto\/kora\/","robots":"max-image-preview:large","keywords":"","webmasterTools":{"google-site-verification":"ccvuosfnjTkur0bAfEQ5Qobjnu6858yP55DLYdmINNc","miscellaneous":""},"schema":{"@context":"https:\/\/schema.org","@graph":[{"@type":"BreadcrumbList","@id":"https:\/\/mdisitges.com\/en\/producto\/kora\/#breadcrumblist","itemListElement":[{"@type":"ListItem","@id":"https:\/\/mdisitges.com\/en\/#listItem","position":1,"name":"Hogar","item":"https:\/\/mdisitges.com\/en\/","nextItem":{"@type":"ListItem","@id":"https:\/\/mdisitges.com\/?page_id=8545#listItem","name":"Tienda"}},{"@type":"ListItem","@id":"https:\/\/mdisitges.com\/?page_id=8545#listItem","position":2,"name":"Tienda","item":"https:\/\/mdisitges.com\/?page_id=8545","nextItem":{"@type":"ListItem","@id":"https:\/\/mdisitges.com\/en\/brand\/somcasa\/#listItem","name":"Somcasa"},"previousItem":{"@type":"ListItem","@id":"https:\/\/mdisitges.com\/en\/#listItem","name":"Hogar"}},{"@type":"ListItem","@id":"https:\/\/mdisitges.com\/en\/brand\/somcasa\/#listItem","position":3,"name":"Somcasa","item":"https:\/\/mdisitges.com\/en\/brand\/somcasa\/","nextItem":{"@type":"ListItem","@id":"https:\/\/mdisitges.com\/en\/producto\/kora\/#listItem","name":"Kora"},"previousItem":{"@type":"ListItem","@id":"https:\/\/mdisitges.com\/?page_id=8545#listItem","name":"Tienda"}},{"@type":"ListItem","@id":"https:\/\/mdisitges.com\/en\/producto\/kora\/#listItem","position":4,"name":"Kora","previousItem":{"@type":"ListItem","@id":"https:\/\/mdisitges.com\/en\/brand\/somcasa\/#listItem","name":"Somcasa"}}]},{"@type":"ItemPage","@id":"https:\/\/mdisitges.com\/en\/producto\/kora\/#itempage","url":"https:\/\/mdisitges.com\/en\/producto\/kora\/","name":"Kora - MDI Muebles | Decoraci\u00f3n | Interiorismo","description":"A\u00f1ade un toque de elegancia contempor\u00e1nea a tu estancia con la silla KORA. Su respaldo curvado, adornado con costuras verticales, le proporciona un aspecto sofisticado. El dise\u00f1o chic se destaca con un elegante agujero en la parte trasera, aportando personalidad y mejorando su est\u00e9tica general. El tejido en color gris claro ofrece un tono neutro","inLanguage":"en-US","isPartOf":{"@id":"https:\/\/mdisitges.com\/en\/#website"},"breadcrumb":{"@id":"https:\/\/mdisitges.com\/en\/producto\/kora\/#breadcrumblist"},"image":{"@type":"ImageObject","url":"https:\/\/mdisitges.com\/wp-content\/uploads\/2025\/03\/silla-kora-oosl112421-1.webp","@id":"https:\/\/mdisitges.com\/en\/producto\/kora\/#mainImage","width":1484,"height":1482},"primaryImageOfPage":{"@id":"https:\/\/mdisitges.com\/en\/producto\/kora\/#mainImage"},"datePublished":"2025-03-12T17:02:11+00:00","dateModified":"2025-03-12T17:02:11+00:00"},{"@type":"Organization","@id":"https:\/\/mdisitges.com\/en\/#organization","name":"MDI Muebles | Decoraci\u00f3n | Interiorismo Roomswear","description":"Tienda de muebles en Sitges Tienda de muebles en Sitges","url":"https:\/\/mdisitges.com\/en\/","telephone":"+34672224227","logo":{"@type":"ImageObject","url":"https:\/\/mdisitges.com\/wp-content\/uploads\/2024\/08\/logo-mdi.jpg","@id":"https:\/\/mdisitges.com\/en\/producto\/kora\/#organizationLogo","width":946,"height":946},"image":{"@id":"https:\/\/mdisitges.com\/en\/producto\/kora\/#organizationLogo"},"sameAs":["https:\/\/www.facebook.com\/profile.php?id=61556938515818","https:\/\/www.instagram.com\/mdibyalejandrosanchez?igsh=Y2pxYzJiajR0bGlh&utm_source=qr","https:\/\/www.tiktok.com\/@mdi.sitges?_t=8orwi4TjSuv&_r=1"]},{"@type":"WebSite","@id":"https:\/\/mdisitges.com\/en\/#website","url":"https:\/\/mdisitges.com\/en\/","name":"Roomswear","description":"Tienda de muebles en Sitges","inLanguage":"en-US","publisher":{"@id":"https:\/\/mdisitges.com\/en\/#organization"}}]},"og:locale":"en_US","og:site_name":"MDI Muebles | Decoraci\u00f3n | Interiorismo - Tienda de muebles en Sitges","og:type":"article","og:title":"Kora - MDI Muebles | Decoraci\u00f3n | Interiorismo","og:description":"A\u00f1ade un toque de elegancia contempor\u00e1nea a tu estancia con la silla KORA. Su respaldo curvado, adornado con costuras verticales, le proporciona un aspecto sofisticado. El dise\u00f1o chic se destaca con un elegante agujero en la parte trasera, aportando personalidad y mejorando su est\u00e9tica general. El tejido en color gris claro ofrece un tono neutro","og:url":"https:\/\/mdisitges.com\/en\/producto\/kora\/","og:image":"https:\/\/mdisitges.com\/wp-content\/uploads\/2024\/08\/logo-mdi.jpg","og:image:secure_url":"https:\/\/mdisitges.com\/wp-content\/uploads\/2024\/08\/logo-mdi.jpg","og:image:width":946,"og:image:height":946,"article:published_time":"2025-03-12T17:02:11+00:00","article:modified_time":"2025-03-12T17:02:11+00:00","article:publisher":"https:\/\/www.facebook.com\/profile.php?id=61556938515818","twitter:card":"summary_large_image","twitter:title":"Kora - MDI Muebles | Decoraci\u00f3n | Interiorismo","twitter:description":"A\u00f1ade un toque de elegancia contempor\u00e1nea a tu estancia con la silla KORA. Su respaldo curvado, adornado con costuras verticales, le proporciona un aspecto sofisticado. El dise\u00f1o chic se destaca con un elegante agujero en la parte trasera, aportando personalidad y mejorando su est\u00e9tica general. El tejido en color gris claro ofrece un tono neutro","twitter:image":"https:\/\/mdisitges.com\/wp-content\/uploads\/2024\/08\/logo-mdi.jpg"},"aioseo_meta_data":{"post_id":"11866","title":null,"description":null,"keywords":null,"keyphrases":null,"primary_term":null,"canonical_url":null,"og_title":null,"og_description":null,"og_object_type":"default","og_image_type":"default","og_image_url":null,"og_image_width":null,"og_image_height":null,"og_image_custom_url":null,"og_image_custom_fields":null,"og_video":null,"og_custom_url":null,"og_article_section":null,"og_article_tags":null,"twitter_use_og":false,"twitter_card":"default","twitter_image_type":"default","twitter_image_url":null,"twitter_image_custom_url":null,"twitter_image_custom_fields":null,"twitter_title":null,"twitter_description":null,"schema":{"blockGraphs":[],"customGraphs":[],"default":{"data":{"Article":[],"Course":[],"Dataset":[],"FAQPage":[],"Movie":[],"Person":[],"Product":[],"ProductReview":[],"Car":[],"Recipe":[],"Service":[],"SoftwareApplication":[],"WebPage":[]},"graphName":"","isEnabled":true},"graphs":[]},"schema_type":"default","schema_type_options":null,"pillar_content":false,"robots_default":true,"robots_noindex":false,"robots_noarchive":false,"robots_nosnippet":false,"robots_nofollow":false,"robots_noimageindex":false,"robots_noodp":false,"robots_notranslate":false,"robots_max_snippet":null,"robots_max_videopreview":null,"robots_max_imagepreview":"large","priority":null,"frequency":null,"local_seo":null,"breadcrumb_settings":null,"limit_modified_date":false,"ai":null,"created":"2025-08-18 10:34:37","updated":"2025-08-18 10:34:37","focus_keyword":null,"additional_keywords":null,"truseo_locale":null,"seo_analyzer_scan_date":null},"aioseo_breadcrumb":"<div class=\"aioseo-breadcrumbs\"><span class=\"aioseo-breadcrumb\">\n\t\t\t<a href=\"https:\/\/mdisitges.com\/en\/\" title=\"Hogar\">Hogar<\/a>\n\t\t<\/span><span class=\"aioseo-breadcrumb-separator\">&raquo;<\/span><span class=\"aioseo-breadcrumb\">\n\t\t\t<a href=\"https:\/\/mdisitges.com\/?page_id=8545\" title=\"Tienda\">Tienda<\/a>\n\t\t<\/span><span class=\"aioseo-breadcrumb-separator\">&raquo;<\/span><span class=\"aioseo-breadcrumb\">\n\t\t\t<a href=\"https:\/\/mdisitges.com\/en\/brand\/somcasa\/\" title=\"Somcasa\">Somcasa<\/a>\n\t\t<\/span><span class=\"aioseo-breadcrumb-separator\">&raquo;<\/span><span class=\"aioseo-breadcrumb\">\n\t\t\tKora\n\t\t<\/span><\/div>","aioseo_breadcrumb_json":[{"label":"Hogar","link":"https:\/\/mdisitges.com\/en\/"},{"label":"Tienda","link":"https:\/\/mdisitges.com\/?page_id=8545"},{"label":"Somcasa","link":"https:\/\/mdisitges.com\/en\/brand\/somcasa\/"},{"label":"Kora","link":"https:\/\/mdisitges.com\/en\/producto\/kora\/"}],"_links":{"self":[{"href":"https:\/\/mdisitges.com\/en\/wp-json\/wp\/v2\/product\/11866","targetHints":{"allow":["GET"]}}],"collection":[{"href":"https:\/\/mdisitges.com\/en\/wp-json\/wp\/v2\/product"}],"about":[{"href":"https:\/\/mdisitges.com\/en\/wp-json\/wp\/v2\/types\/product"}],"wp:featuredmedia":[{"embeddable":true,"href":"https:\/\/mdisitges.com\/en\/wp-json\/wp\/v2\/media\/10634"}],"wp:attachment":[{"href":"https:\/\/mdisitges.com\/en\/wp-json\/wp\/v2\/media?parent=11866"}],"wp:term":[{"taxonomy":"product_brand","embeddable":true,"href":"https:\/\/mdisitges.com\/en\/wp-json\/wp\/v2\/product_brand?post=11866"},{"taxonomy":"product_cat","embeddable":true,"href":"https:\/\/mdisitges.com\/en\/wp-json\/wp\/v2\/product_cat?post=11866"},{"taxonomy":"product_tag","embeddable":true,"href":"https:\/\/mdisitges.com\/en\/wp-json\/wp\/v2\/product_tag?post=11866"}],"curies":[{"name":"wp","href":"https:\/\/api.w.org\/{rel}","templated":true}]}}